{"id":11,"date":"2014-07-17T14:56:21","date_gmt":"2014-07-17T12:56:21","guid":{"rendered":"http:\/\/www.essen-strafverteidiger.de\/pl\/?page_id=11"},"modified":"2018-09-09T13:10:07","modified_gmt":"2018-09-09T11:10:07","slug":"impressum","status":"publish","type":"page","link":"https:\/\/www.essen-strafverteidiger.de\/pl\/impressum\/","title":{"rendered":"O firmie"},"content":{"rendered":"<h2>Odpowiedzialno\u015b\u0107<\/h2>\n<p>Podmiotem odpowiedzialnym w rozumieniu prawa prasowego, \u00a7 5 TMG (niem. ustawy o mediach elektronicznych), \u00a7 6 pa\u0144stwowej umowy o us\u0142ugach medialnych, DL-InfoV (rozporz\u0105dzenia w sprawie obowi\u0105zku informacyjnego us\u0142ugodawc\u00f3w) i TDG (niem. ustawy o us\u0142ugach telekomunikacyjnych) jest:<br \/>\nRechtsanwalt Wolfgang Zeitler<br \/>\nKurf\u00fcrstenstra\u00dfe 1, 45138 Essen<br \/>\nTelefon: +49 (201) 28 11 00<br \/>\nE-mail: <a href=\"mailto:info@essen-strafverteidiger.de\">info@essen-strafverteidiger.de<\/a><br \/>\nInternet: <a href=\"https:\/\/www.essen-strafverteidiger.de\/\">https:\/\/www.essen-strafverteidiger.de<\/a><\/p>\n<p>&nbsp;<\/p>\n<h2>Tytu\u0142 zawodowy i w\u0142a\u015bciwa izba adwokacka<\/h2>\n<p>Adwokat posiada uprawnienia do wykonywania zawodu zgodnie z prawem Republiki Federalnej Niemiec i jest cz\u0142onkiem Izby Adwokackiej w Hamm (Rechtsanwaltskammer Hamm), Ostenallee 18, 59063 Hamm, Niemcy,\u00a0<a href=\"mailto:info@rak-hamm.de\">info@rak-hamm.de<\/a>,\u00a0<a href=\"https:\/\/www.rak-hamm.de\/\" target=\"_new\">www.rak-hamm.de<\/a><\/p>\n<p>&nbsp;<\/p>\n<h2>Numer identyfikacji podatkowej<\/h2>\n<p><span style=\"line-height: 1.5em;\">Rechtsanwalt Wolfgang Zeitler: 112\/5472\/0247\u00a0<\/span><\/p>\n<p>&nbsp;<\/p>\n<h2>Konta bankowego<\/h2>\n<p><span style=\"line-height: 1.5em;\">IBAN: DE45 3601 0043 0546 5004 30<br \/>\nBIC: PBNKDEF<\/span><\/p>\n<p>&nbsp;<\/p>\n<h2>Ubezpieczenie od odpowiedzialno\u015bci cywilnej zawodowej\u2028<\/h2>\n<p>HDI-Gerling<br \/>\nFirmen und Privatversicherung AG<br \/>\nPostfach 10 24 69<br \/>\n50464 K\u00f6ln<br \/>\nZakres obowi\u0105zywania: Na terenie ca\u0142ej Europy dla kancelarii i biur maj\u0105cych siedzib\u0119 i prowadzonych na terenie Republiki Federalnej Niemiec.<\/p>\n<p>&nbsp;<\/p>\n<h2>Regulacje z zakresu prawa zawodowego<\/h2>\n<p>Obowi\u0105zuj\u0105 nast\u0119puj\u0105ce regulacje z zakresu prawa zawodowego:<\/p>\n<ul>\n<li>Federalna ustawa o adwokatach (BRAO)<\/li>\n<li>Federalny regulamin zawodowy adwokat\u00f3w (BORA)<\/li>\n<li>Regulamin zawodowy adwokat\u00f3w specjalist\u00f3w (FAO)<\/li>\n<li>Ustawa o wynagrodzeniu adwokat\u00f3w (RVG)<\/li>\n<li>Zasady wykonywania zawodu przez adwokat\u00f3w z kraj\u00f3w Unii Europejskiej (CCBE)<\/li>\n<\/ul>\n<p>Z tre\u015bci\u0105 wymienionych regulacji z zakresu prawa zawodowego w j\u0119zyku niemieckim i angielskim mo\u017cna si\u0119 zapozna\u0107 na stronie internetowej Federalnej Izby Adwokackiej (<a href=\"https:\/\/www.brak.de\/\" target=\"_new\">www.brak.de<\/a>) w rubryce &#8218;Berufsrecht&#8216;.\u2028<br \/>\nRegulacje z zakresu prawa zawodowego zabraniaj\u0105 adwokatom reprezentowania przeciwstawnych interes\u00f3w (\u00a7 43a ust. 4 BRAO). Dlatego te\u017c przed przyj\u0119ciem zlecenia zawsze dokonuje si\u0119 sprawdzenia, czy nie ma miejsca konflikt interes\u00f3w.<\/p>\n<p>&nbsp;<\/p>\n<h2>Pozas\u0105dowe rozstrzyganie spor\u00f3w<\/h2>\n<p>W przypadku spor\u00f3w pomi\u0119dzy adwokatami a ich zleceniodawcami na wniosek istnieje mo\u017cliwo\u015b\u0107 pozas\u0105dowego rozstrzygni\u0119cia sporu w regionalnej Izbie Adwokackiej w Hamm (zg. z \u00a7 73 ust. 2 nr 3 w zw. z ust. 5 BRAO) lub w Centrum Rozstrzygania Spor\u00f3w Adwokatury (\u00a7 191 n. BRAO) przy Federalnej Izbie Adwokackiej. Informacje w Internecie za po\u015brednictwem strony internetowej Federalnej Izby Adwokackiej (<a href=\"https:\/\/www.brak.de\/\" target=\"_new\">www.brak.de<\/a>), e-mail:\u00a0<a href=\"mailto:schlichtungsstelle@brak.de\">schlichtungsstelle@brak.de<\/a>.<\/p>\n<p>&nbsp;<\/p>\n<h2>Cele informacyjne<\/h2>\n<p>Niniejsza strona internetowa s\u0142u\u017cy wy\u0142\u0105cznie celom informacyjnym. Jej zadaniem nie jest udzielenie konkretnej porady prawnej ani nawi\u0105zanie stosunku prawnego pomi\u0119dzy adwokatem a klientem (zlecenia, tzw. mandatu). Wszelkie prawa do strony internetowej posiada autor. Za tre\u015bci umieszczone na stronie nie przejmuje si\u0119 odpowiedzialno\u015bci.<\/p>\n<p>&nbsp;<\/p>\n<p><span style=\"color: #80a0d3;\"><b>Odpowiedzialno\u015b\u0107<\/b><\/span><\/p>\n<p>Mimo to nie mo\u017cemy ponosi\u0107 odpowiedzialno\u015bci za zgodno\u015b\u0107, kompletno\u015b\u0107 i aktualno\u015b\u0107 wszystkich zawartych na stronie informacji.<\/p>\n<p>Jak wynika z \u00a7 7 ust. 1 Ustawy o mediach elektronicznych (TMG), jako dostawca us\u0142ug za tre\u015bci w\u0142asne umieszczone na tych stronach odpowiadamy zgodnie z og\u00f3lnymi ustawami. Zgodnie z \u00a7\u00a7 8 do 10 TMG jako dostawca us\u0142ug nie jeste\u015bmy jednak\u017ce zobowi\u0105zani do monitorowania przekazywanych b\u0105d\u017a gromadzonych informacji obcego pochodzenia ani te\u017c do badania okoliczno\u015bci wskazuj\u0105cych na dzia\u0142ania niezgodne z prawem. Zobowi\u0105zanie do usuni\u0119cia lub zablokowania korzystania z informacji zgodnie z og\u00f3lnymi ustawami pozostaje w tej kwestii nienaruszone. Poci\u0105gni\u0119cie do odpowiedzialno\u015bci z tego tytu\u0142u jest jednak\u017ce mo\u017cliwe dopiero z chwil\u0105 przyj\u0119cia do wiadomo\u015bci informacji o przypadku konkretnego naruszenia prawa. Po uzyskaniu informacji o danym przypadku naruszenia prawa dane tre\u015bci zostan\u0105 niezw\u0142ocznie usuni\u0119te.<\/p>\n<p>&nbsp;<\/p>\n<h2>Odpowiedzialno\u015b\u0107 za linki zewn\u0119trzne<\/h2>\n<p>W naszej ofercie znajduj\u0105 si\u0119 linki do stron zewn\u0119trznych os\u00f3b trzecich, na kt\u00f3rych tre\u015bci nie mamy \u017cadnego wp\u0142ywu. Dlatego te\u017c nie mo\u017cemy ponosi\u0107 odpowiedzialno\u015bci za obce tre\u015bci. Za tre\u015bci powi\u0105zanych stron odpowiada ka\u017cdorazowo dany podmiot oferuj\u0105cy b\u0105d\u017a administrator strony. W momencie utworzenia link\u00f3w powi\u0105zane witryny zosta\u0142y sprawdzone pod k\u0105tem mo\u017cliwego naruszenia prawa. Nie stwierdzono w\u00f3wczas \u017cadnych tre\u015bci niezgodnych z prawem. Nie jest jednak mo\u017cliwa sta\u0142a kontrola tre\u015bci zawartych na stronach, do kt\u00f3rych przekierowuj\u0105 linki, gdy nie ma konkretnych sygna\u0142\u00f3w wskazuj\u0105cych na naruszenie prawa. W przypadku uzyskania informacji o naruszeniu prawa linki tego rodzaju zostan\u0105 niezw\u0142ocznie usuni\u0119te.<\/p>\n<p>&nbsp;<\/p>\n<h2>Prawo autorskie<\/h2>\n<p>Przedstawione na tych stronach tre\u015bci i dzie\u0142a sporz\u0105dzone przez administratora strony podlegaj\u0105 niemieckiemu prawu autorskiemu. Tre\u015bci os\u00f3b trzecich zosta\u0142y jako takie oznaczone. Kopiowanie, obr\u00f3bka, dystrybucja lub jakiekolwiek wykorzystywanie tre\u015bci podlegaj\u0105cych prawom autorskim wymagaj\u0105 pisemnej zgody autora wzgl. osoby je sporz\u0105dzaj\u0105cej. Pobieranie i kopiowanie tej strony jest dozwolone wy\u0142\u0105cznie do u\u017cytku prywatnego, nie za\u015b w celach komercyjnych. <\/p>\n<p>Administratorzy strony przyk\u0142adaj\u0105 wag\u0119 do przestrzegania praw autorskich innych os\u00f3b wzgl. do wykorzystywania dzie\u0142 utworzonych przez siebie lub nieobj\u0119tych licencj\u0105. <\/p>\n<p>&nbsp;<\/p>\n<h2>O\u015bwiadczenie o ochronie danych osobowych<\/h2>\n<p>&nbsp;<\/p>\n<h2>Zakres obowi\u0105zywani<\/h2>\n<p>Niniejsze o\u015bwiadczenie o ochronie danych osobowych informuje u\u017cytkownik\u00f3w, w jaki spos\u00f3b, w jakim zakresie i celu podmiot odpowiedzialny Wolfgang Zeltler, Kurf\u00fcrstenstr. 1, 45138 Essen, info@essen-strafverteidiger.de, +49 (0) 521 28 11 00, pobiera i wykorzystuje dane osobowe na tej stronie internetowej (zwanej dalej \u201cofert\u0105\u201d).<br \/>\nPrawne podstawy ochrony danych osobowych zamieszczono w Federalnej ustawie o ochronie danych osobowych (BDSG) oraz Ustawie o mediach elektronicznych (TMG).<\/p>\n<p>&nbsp;<\/p>\n<p><b>Dane dost\u0119powe\/ Logi serwera\u2028<\/b><br \/>\nPodmiot oferuj\u0105cy us\u0142ugi (b\u0105d\u017a jego dostawca us\u0142ug hostingowych) gromadzi dane dotycz\u0105ce ka\u017cdej wizyty na jego stronie (pliki protoko\u0142u, tak zwane logi serwera). Do danych tych nale\u017c\u0105: <\/p>\n<p>nazwa wy\u015bwietlonej strony internetowej, wy\u015bwietlonego pliku, data i godzina wy\u015bwietlenia, przes\u0142ana ilo\u015b\u0107 danych, komunikat o tym, czy wy\u015bwietlenie si\u0119 powiod\u0142o, typ przegl\u0105darki internetowej i wersja, system operacyjny u\u017cytkownika, referer URL (poprzednio odwiedzana strona, z kt\u00f3rej u\u017cytkownik zosta\u0142 przekierowany), adres IP i dostawca wysy\u0142aj\u0105cy \u017c\u0105danie. <\/p>\n<p>Podmiot oferuj\u0105cy us\u0142ugi wykorzystuje dane protoko\u0142u wy\u0142\u0105cznie do cel\u00f3w w\u0142asnych analiz statystycznych, na rzecz zapewnienia bezpiecze\u0144stwa i zoptymalizowania oferty. Zastrzega sobie przy tym prawo do przeprowadzenia p\u00f3\u017aniejszej kontroli danych protoko\u0142u, je\u017celi pojawi\u0105 si\u0119 konkretne sygna\u0142y wskazuj\u0105ce na uzasadnione podejrzenie u\u017cytkowania niezgodnego z prawem.<\/p>\n<p>&nbsp;<\/p>\n<h2>Spos\u00f3b post\u0119powania z\u00a0danymi osobowymi<\/h2>\n<p>Dane osobowe to informacje pozwalaj\u0105ce na ustalenie to\u017csamo\u015bci danej osoby, to znaczy dane, dzi\u0119ki kt\u00f3rym mo\u017cna wy\u015bledzi\u0107 dan\u0105 osob\u0119. Nale\u017c\u0105 do nich nazwisko, adres e-mailowy lub numer telefonu. Do danych osobowych zalicza si\u0119 tak\u017ce informacje dotycz\u0105ce upodoba\u0144, zainteresowa\u0144, cz\u0142onkostwa b\u0105d\u017a jakie strony internetowe dana osoba odwiedzi\u0142a. <\/p>\n<p>Podmiot oferuj\u0105cy us\u0142ugi gromadzi dane osobowe, wykorzystuje je i przekazuje dalej wy\u0142\u0105cznie w\u00f3wczas, gdy jest to prawnie dozwolone b\u0105d\u017a gdy u\u017cytkownicy wyra\u017c\u0105 zgod\u0119 na gromadzenie danych.<\/p>\n<p>&nbsp;<\/p>\n<h2>Nawi\u0105zanie kontaktu<\/h2>\n<p>W przypadku nawi\u0105zania kontaktu z podmiotem oferuj\u0105cym us\u0142ugi (na przyk\u0142ad za po\u015brednictwem formularza kontaktowego lub drog\u0105 mailow\u0105) dane u\u017cytkownika s\u0105 zapisywane w celu opracowania zapytania, jak r\u00f3wnie\u017c na wypadek pojawienia si\u0119 dodatkowych kwestii wymagaj\u0105cych wyja\u015bnienia.<\/p>\n<p>&nbsp;<\/p>\n<h2>Wykorzystanie us\u0142ug i tre\u015bci os\u00f3b trzecich<\/h2>\n<p>W ramach niniejszej oferty internetowej mog\u0105 zosta\u0107 wykorzystane tre\u015bci os\u00f3b trzecich, jak na przyk\u0142ad filmy Youtube, mapy Google, kana\u0142y RSS lub grafiki pochodz\u0105ce z innych stron internetowych. Dzieje si\u0119 tak przy za\u0142o\u017ceniu, \u017ce podmioty oferuj\u0105ce te tre\u015bci (zwane dalej \u201cinnymi oferentami\u201d) rozpoznaj\u0105 adres IP u\u017cytkownik\u00f3w. Bez adresu IP nie mog\u0142yby wysy\u0142a\u0107 tre\u015bci do przegl\u0105darki danego u\u017cytkownika. Adres IP jest zatem konieczny dla wy\u015bwietlenia tych tre\u015bci. Dok\u0142adamy stara\u0144, by stosowa\u0107 wy\u0142\u0105cznie takie tre\u015bci, kt\u00f3rych oferenci wykorzystuj\u0105 adres IP wy\u0142\u0105cznie w celu ich dostarczenia. Nie mamy jednak wp\u0142ywu na to, czy inni oferenci zapisuj\u0105 adres IP, przyk\u0142adowo do cel\u00f3w statystycznych. O ile nam o tym wiadomo, informujemy u\u017cytkownik\u00f3w o takich dzia\u0142aniach.<\/p>\n<p>&nbsp;<\/p>\n<h2>Ciasteczka<\/h2>\n<p>Ciasteczka to niewielkie pliki umo\u017cliwiaj\u0105ce zapisanie specyficznych informacji w pami\u0119ci urz\u0105dzenia wykorzystywanego przez u\u017cytkownika (komputer, smartfon itp.), odnosz\u0105cych si\u0119 do tego urz\u0105dzenia. Ciasteczka maj\u0105 na celu z jednej strony dostosowanie stron internetowych do preferencji u\u017cytkownik\u00f3w, u\u0142atwiaj\u0105c im obs\u0142ug\u0119 (np. poprzez zapami\u0119tywanie danych logowania). Z drugiej strony s\u0142u\u017c\u0105 tak\u017ce do rejestrowania danych statystycznych dotycz\u0105cych korzystania ze strony internetowej i analizowania ich w celu udoskonalenia oferty. U\u017cytkownicy maj\u0105 mo\u017cliwo\u015b\u0107 zadecydowania, czy ciasteczka zostan\u0105 zastosowane. Wi\u0119kszo\u015b\u0107 przegl\u0105darek posiada opcj\u0119 umo\u017cliwiaj\u0105c\u0105 ograniczenie b\u0105d\u017a ca\u0142kowite zablokowanie zapisywania ciasteczek. Zwraca si\u0119 przy tym uwag\u0119 na to, \u017ce bez ciasteczek korzystanie ze stron internetowych, a w szczeg\u00f3lno\u015bci komfort ich obs\u0142ugi s\u0105 ograniczone. <\/p>\n<p>Wieloma ciasteczkami zwi\u0105zanymi z og\u0142oszeniami internetowymi przedsi\u0119biorstw mo\u017cna zarz\u0105dza\u0107 za po\u015brednictwem ameryka\u0144skiej strony (USA) <a href=\"https:\/\/www.aboutads.info\/choices\/\" onclick=\"javascript:_gaq.push(['_trackEvent','outbound-article','https:\/\/www.aboutads.info\/choices\/']);\">https:\/\/www.aboutads.info\/choices\/<\/a> b\u0105d\u017a strony UE <a href=\"https:\/\/www.youronlinechoices.com\/uk\/your-ad-choices\/ \" onclick=\"javascript:_gaq.push(['_trackEvent','outbound-article','https:\/\/www.youronlinechoices.com\/uk\/your-ad-choices\/']);\">https:\/\/www.youronlinechoices.com\/uk\/your-ad-choices\/ <\/a>.<\/p>\n<p>&nbsp;<\/p>\n<h2>Odwo\u0142anie, zmiany, sprostowania i aktualizacje<\/h2>\n<p>U\u017cytkownik ma prawo uzyskania na w\u0142asny wniosek nieodp\u0142atnej informacji na temat danych osobowych dotycz\u0105cych jego osoby, kt\u00f3re zosta\u0142y zapisane. Dodatkowo u\u017cytkownik ma prawo dokonania sprostowania danych nieprawid\u0142owych, zablokowania i usuni\u0119cia w\u0142asnych danych osobowych, o ile nie jest to niezgodne z ustawowym obowi\u0105zkiem przechowywania danych.<br \/>\n<br \/>\n<a href=\"https:\/\/rechtsanwalt-schwenke.de\/smmr-buch\/datenschutz-muster-generator-fuer-webseiten-blogs-und-social-media\/\" ><strong>Wz\u00f3r ochrony danych adwokata Thomasa Schwenke \u2013 I LAW it<\/a><\/p>\n<p>&nbsp;<\/p>\n","protected":false},"excerpt":{"rendered":"<p>Odpowiedzialno\u015b\u0107 Podmiotem odpowiedzialnym w rozumieniu prawa prasowego, \u00a7 5 TMG (niem. ustawy o mediach elektronicznych), \u00a7 6 pa\u0144stwowej umowy o us\u0142ugach medialnych, DL-InfoV (rozporz\u0105dzenia w sprawie obowi\u0105zku informacyjnego us\u0142ugodawc\u00f3w) i TDG (niem. ustawy o us\u0142ugach telekomunikacyjnych) jest: Rechtsanwalt Wolfgang Zeitler Kurf\u00fcrstenstra\u00dfe 1, 45138 Essen Telefon: +49 (201) 28 11 00 E-mail: info@essen-strafverteidiger.de Internet: https:\/\/www.essen-strafverteidiger.de &nbsp;<\/p>\n","protected":false},"author":1,"featured_media":0,"parent":0,"menu_order":0,"comment_status":"open","ping_status":"open","template":"","meta":[],"categories":[],"tags":[],"yoast_head":"\n<meta name=\"description\" content=\"Przest\u0119pstw zab\u00f3jstwa, prawa medycznego, \u015brodk\u00f3w odurzaj\u0105cych, oszustwa, podatkowych sprawach, przest\u0119pstw seksualnych, przest\u0119pczo\u015bci zorganizowanej\" \/>\n<meta name=\"robots\" content=\"index, follow, max-snippet:-1, max-image-preview:large, max-video-preview:-1\" \/>\n<link rel=\"canonical\" href=\"https:\/\/www.essen-strafverteidiger.de\/pl\/impressum\/\" \/>\n<meta property=\"og:locale\" content=\"de_DE\" \/>\n<meta property=\"og:type\" content=\"article\" \/>\n<meta property=\"og:title\" content=\"O firmie - Adwokat Zeitler\" \/>\n<meta property=\"og:description\" content=\"Przest\u0119pstw zab\u00f3jstwa, prawa medycznego, \u015brodk\u00f3w odurzaj\u0105cych, oszustwa, podatkowych sprawach, przest\u0119pstw seksualnych, przest\u0119pczo\u015bci zorganizowanej\" \/>\n<meta property=\"og:url\" content=\"https:\/\/www.essen-strafverteidiger.de\/pl\/impressum\/\" \/>\n<meta property=\"og:site_name\" content=\"Adwokat Zeitler\" \/>\n<meta property=\"article:modified_time\" content=\"2018-09-09T11:10:07+00:00\" \/>\n<meta name=\"twitter:label1\" content=\"Gesch\u00e4tzte Lesezeit\">\n\t<meta name=\"twitter:data1\" content=\"8\u00a0Minuten\">\n<script type=\"application\/ld+json\" class=\"yoast-schema-graph\">{\"@context\":\"https:\/\/schema.org\",\"@graph\":[{\"@type\":\"WebSite\",\"@id\":\"https:\/\/www.essen-strafverteidiger.de\/pl\/#website\",\"url\":\"https:\/\/www.essen-strafverteidiger.de\/pl\/\",\"name\":\"Adwokat Zeitler\",\"description\":\"Ihre Kanzlei f\\u00fcr Strafrecht\",\"potentialAction\":[{\"@type\":\"SearchAction\",\"target\":\"https:\/\/www.essen-strafverteidiger.de\/pl\/?s={search_term_string}\",\"query-input\":\"required name=search_term_string\"}],\"inLanguage\":\"de\"},{\"@type\":\"WebPage\",\"@id\":\"https:\/\/www.essen-strafverteidiger.de\/pl\/impressum\/#webpage\",\"url\":\"https:\/\/www.essen-strafverteidiger.de\/pl\/impressum\/\",\"name\":\"O firmie - Adwokat Zeitler\",\"isPartOf\":{\"@id\":\"https:\/\/www.essen-strafverteidiger.de\/pl\/#website\"},\"datePublished\":\"2014-07-17T12:56:21+00:00\",\"dateModified\":\"2018-09-09T11:10:07+00:00\",\"description\":\"Przest\\u0119pstw zab\\u00f3jstwa, prawa medycznego, \\u015brodk\\u00f3w odurzaj\\u0105cych, oszustwa, podatkowych sprawach, przest\\u0119pstw seksualnych, przest\\u0119pczo\\u015bci zorganizowanej\",\"breadcrumb\":{\"@id\":\"https:\/\/www.essen-strafverteidiger.de\/pl\/impressum\/#breadcrumb\"},\"inLanguage\":\"de\",\"potentialAction\":[{\"@type\":\"ReadAction\",\"target\":[\"https:\/\/www.essen-strafverteidiger.de\/pl\/impressum\/\"]}]},{\"@type\":\"BreadcrumbList\",\"@id\":\"https:\/\/www.essen-strafverteidiger.de\/pl\/impressum\/#breadcrumb\",\"itemListElement\":[{\"@type\":\"ListItem\",\"position\":1,\"item\":{\"@type\":\"WebPage\",\"@id\":\"https:\/\/www.essen-strafverteidiger.de\/pl\/impressum\/\",\"url\":\"https:\/\/www.essen-strafverteidiger.de\/pl\/impressum\/\",\"name\":\"O firmie\"}}]}]}<\/script>\n","_links":{"self":[{"href":"https:\/\/www.essen-strafverteidiger.de\/pl\/wp-json\/wp\/v2\/pages\/11"}],"collection":[{"href":"https:\/\/www.essen-strafverteidiger.de\/pl\/wp-json\/wp\/v2\/pages"}],"about":[{"href":"https:\/\/www.essen-strafverteidiger.de\/pl\/wp-json\/wp\/v2\/types\/page"}],"author":[{"embeddable":true,"href":"https:\/\/www.essen-strafverteidiger.de\/pl\/wp-json\/wp\/v2\/users\/1"}],"replies":[{"embeddable":true,"href":"https:\/\/www.essen-strafverteidiger.de\/pl\/wp-json\/wp\/v2\/comments?post=11"}],"version-history":[{"count":6,"href":"https:\/\/www.essen-strafverteidiger.de\/pl\/wp-json\/wp\/v2\/pages\/11\/revisions"}],"predecessor-version":[{"id":66,"href":"https:\/\/www.essen-strafverteidiger.de\/pl\/wp-json\/wp\/v2\/pages\/11\/revisions\/66"}],"wp:attachment":[{"href":"https:\/\/www.essen-strafverteidiger.de\/pl\/wp-json\/wp\/v2\/media?parent=11"}],"wp:term":[{"taxonomy":"category","embeddable":true,"href":"https:\/\/www.essen-strafverteidiger.de\/pl\/wp-json\/wp\/v2\/categories?post=11"},{"taxonomy":"post_tag","embeddable":true,"href":"https:\/\/www.essen-strafverteidiger.de\/pl\/wp-json\/wp\/v2\/tags?post=11"}],"curies":[{"name":"wp","href":"https:\/\/api.w.org\/{rel}","templated":true}]}}