{"id":13,"date":"2014-07-17T14:57:08","date_gmt":"2014-07-17T12:57:08","guid":{"rendered":"http:\/\/www.essen-strafverteidiger.de\/pl\/?page_id=13"},"modified":"2026-04-17T18:27:06","modified_gmt":"2026-04-17T16:27:06","slug":"vollmacht","status":"publish","type":"page","link":"https:\/\/www.essen-strafverteidiger.de\/pl\/vollmacht\/","title":{"rendered":"Pe\u0142nomocnictwo"},"content":{"rendered":"<p>Aby\u015bmy mogli Pa\u0144stwa reprezentowa\u0107, konieczne jest udzielenie przez Pa\u0144stwa pe\u0142nomocnictwa.<\/p>\n<p>Mo\u017cna pobra\u0107 je jako <a href=\"https:\/\/www.essen-strafverteidiger.de\/pl\/wp-content\/uploads\/sites\/2\/2026\/04\/Vollmacht_Anwaltskanzlei_Zeitler.docx\">plik Microsoft Word<\/a>\u00a0lub <a href=\"https:\/\/www.essen-strafverteidiger.de\/pl\/wp-content\/uploads\/sites\/2\/2026\/04\/Vollmacht_Anwaltskanzlei_Zeitler.pdf\" target=\"_blank\" rel=\"noopener\">plik PDF<\/a>.<\/p>\n<p>Prosimy pami\u0119ta\u0107:<\/p>\n<ul>\n<li>W przypadku pliku PDF konieczny jest program Acrobat Reader (<a title=\"Pobierz\" href=\"https:\/\/get.adobe.com\/de\/reader\/otherversions\/\" target=\"_blank\" rel=\"noopener\">Download<\/a>)<\/li>\n<li>Do tre\u015bci pe\u0142nomocnictwa wpisa\u0107 nazwisko i imi\u0119 DRUKOWANYMI LITERAMI.<\/li>\n<li>Wpisa\u0107 miejscowo\u015b\u0107 i dat\u0119 oraz PODPISA\u0106 pe\u0142nomocnictwo.<\/li>\n<li>Pe\u0142nomocnictwo nale\u017cy przes\u0142a\u0107 faksem na numer: Faks: 49 (0)201 \/ 89 00 17<\/li>\n<\/ul>\n","protected":false},"excerpt":{"rendered":"<p>Aby\u015bmy mogli Pa\u0144stwa reprezentowa\u0107, konieczne jest udzielenie przez Pa\u0144stwa pe\u0142nomocnictwa. Mo\u017cna pobra\u0107 je jako plik Microsoft Word\u00a0lub plik PDF. Prosimy pami\u0119ta\u0107: W przypadku pliku PDF konieczny jest program Acrobat Reader (Download) Do tre\u015bci pe\u0142nomocnictwa wpisa\u0107 nazwisko i imi\u0119 DRUKOWANYMI LITERAMI. Wpisa\u0107 miejscowo\u015b\u0107 i dat\u0119 oraz PODPISA\u0106 pe\u0142nomocnictwo. Pe\u0142nomocnictwo nale\u017cy przes\u0142a\u0107 faksem na numer: Faks: 49<\/p>\n","protected":false},"author":1,"featured_media":0,"parent":0,"menu_order":0,"comment_status":"open","ping_status":"open","template":"","meta":[],"categories":[],"tags":[],"yoast_head":"\n<meta name=\"description\" content=\"Przest\u0119pstw zab\u00f3jstwa, prawa medycznego, \u015brodk\u00f3w odurzaj\u0105cych, oszustwa, podatkowych sprawach, przest\u0119pstw seksualnych, przest\u0119pczo\u015bci zorganizowanej\" \/>\n<meta name=\"robots\" content=\"index, follow, max-snippet:-1, max-image-preview:large, max-video-preview:-1\" \/>\n<link rel=\"canonical\" href=\"https:\/\/www.essen-strafverteidiger.de\/pl\/vollmacht\/\" \/>\n<meta property=\"og:locale\" content=\"de_DE\" \/>\n<meta property=\"og:type\" content=\"article\" \/>\n<meta property=\"og:title\" content=\"Pe\u0142nomocnictwo - Adwokat Zeitler\" \/>\n<meta property=\"og:description\" content=\"Przest\u0119pstw zab\u00f3jstwa, prawa medycznego, \u015brodk\u00f3w odurzaj\u0105cych, oszustwa, podatkowych sprawach, przest\u0119pstw seksualnych, przest\u0119pczo\u015bci zorganizowanej\" \/>\n<meta property=\"og:url\" content=\"https:\/\/www.essen-strafverteidiger.de\/pl\/vollmacht\/\" \/>\n<meta property=\"og:site_name\" content=\"Adwokat Zeitler\" \/>\n<meta property=\"article:modified_time\" content=\"2026-04-17T16:27:06+00:00\" \/>\n<script type=\"application\/ld+json\" class=\"yoast-schema-graph\">{\"@context\":\"https:\/\/schema.org\",\"@graph\":[{\"@type\":\"WebSite\",\"@id\":\"https:\/\/www.essen-strafverteidiger.de\/pl\/#website\",\"url\":\"https:\/\/www.essen-strafverteidiger.de\/pl\/\",\"name\":\"Adwokat Zeitler\",\"description\":\"Ihre Kanzlei f\\u00fcr Strafrecht\",\"potentialAction\":[{\"@type\":\"SearchAction\",\"target\":\"https:\/\/www.essen-strafverteidiger.de\/pl\/?s={search_term_string}\",\"query-input\":\"required name=search_term_string\"}],\"inLanguage\":\"de\"},{\"@type\":\"WebPage\",\"@id\":\"https:\/\/www.essen-strafverteidiger.de\/pl\/vollmacht\/#webpage\",\"url\":\"https:\/\/www.essen-strafverteidiger.de\/pl\/vollmacht\/\",\"name\":\"Pe\\u0142nomocnictwo - Adwokat Zeitler\",\"isPartOf\":{\"@id\":\"https:\/\/www.essen-strafverteidiger.de\/pl\/#website\"},\"datePublished\":\"2014-07-17T12:57:08+00:00\",\"dateModified\":\"2026-04-17T16:27:06+00:00\",\"description\":\"Przest\\u0119pstw zab\\u00f3jstwa, prawa medycznego, \\u015brodk\\u00f3w odurzaj\\u0105cych, oszustwa, podatkowych sprawach, przest\\u0119pstw seksualnych, przest\\u0119pczo\\u015bci zorganizowanej\",\"breadcrumb\":{\"@id\":\"https:\/\/www.essen-strafverteidiger.de\/pl\/vollmacht\/#breadcrumb\"},\"inLanguage\":\"de\",\"potentialAction\":[{\"@type\":\"ReadAction\",\"target\":[\"https:\/\/www.essen-strafverteidiger.de\/pl\/vollmacht\/\"]}]},{\"@type\":\"BreadcrumbList\",\"@id\":\"https:\/\/www.essen-strafverteidiger.de\/pl\/vollmacht\/#breadcrumb\",\"itemListElement\":[{\"@type\":\"ListItem\",\"position\":1,\"item\":{\"@type\":\"WebPage\",\"@id\":\"https:\/\/www.essen-strafverteidiger.de\/pl\/vollmacht\/\",\"url\":\"https:\/\/www.essen-strafverteidiger.de\/pl\/vollmacht\/\",\"name\":\"Pe\\u0142nomocnictwo\"}}]}]}<\/script>\n","_links":{"self":[{"href":"https:\/\/www.essen-strafverteidiger.de\/pl\/wp-json\/wp\/v2\/pages\/13"}],"collection":[{"href":"https:\/\/www.essen-strafverteidiger.de\/pl\/wp-json\/wp\/v2\/pages"}],"about":[{"href":"https:\/\/www.essen-strafverteidiger.de\/pl\/wp-json\/wp\/v2\/types\/page"}],"author":[{"embeddable":true,"href":"https:\/\/www.essen-strafverteidiger.de\/pl\/wp-json\/wp\/v2\/users\/1"}],"replies":[{"embeddable":true,"href":"https:\/\/www.essen-strafverteidiger.de\/pl\/wp-json\/wp\/v2\/comments?post=13"}],"version-history":[{"count":5,"href":"https:\/\/www.essen-strafverteidiger.de\/pl\/wp-json\/wp\/v2\/pages\/13\/revisions"}],"predecessor-version":[{"id":70,"href":"https:\/\/www.essen-strafverteidiger.de\/pl\/wp-json\/wp\/v2\/pages\/13\/revisions\/70"}],"wp:attachment":[{"href":"https:\/\/www.essen-strafverteidiger.de\/pl\/wp-json\/wp\/v2\/media?parent=13"}],"wp:term":[{"taxonomy":"category","embeddable":true,"href":"https:\/\/www.essen-strafverteidiger.de\/pl\/wp-json\/wp\/v2\/categories?post=13"},{"taxonomy":"post_tag","embeddable":true,"href":"https:\/\/www.essen-strafverteidiger.de\/pl\/wp-json\/wp\/v2\/tags?post=13"}],"curies":[{"name":"wp","href":"https:\/\/api.w.org\/{rel}","templated":true}]}}