{"id":9,"date":"2014-07-17T14:55:27","date_gmt":"2014-07-17T12:55:27","guid":{"rendered":"http:\/\/www.essen-strafverteidiger.de\/pl\/?page_id=9"},"modified":"2026-04-17T18:31:05","modified_gmt":"2026-04-17T16:31:05","slug":"kontakt","status":"publish","type":"page","link":"https:\/\/www.essen-strafverteidiger.de\/pl\/kontakt\/","title":{"rendered":"Kontakt"},"content":{"rendered":"<p>Anwaltskanzlei Zeitler<br \/>\nFachanwalt f\u00fcr Strafrecht<br \/>\nKurf\u00fcrstenstra\u00dfe 1<br \/>\n45138 Essen<\/p>\n<p>Telefon: +49 (201) 28 11 00<br \/>\nFax: +49 (201) 89 00 17<br \/>\nMobil: + 49 (0) 172 231 34 89<\/p>\n<p>E-mail: <a href=\"mailto:info@essen-strafverteidiger.de\">info@essen-strafverteidiger.de<\/a><br \/>\nInternet: <a href=\"https:\/\/www.essen-strafverteidiger.de\/\">https:\/\/www.essen-strafverteidiger.de<\/a><\/p>\n<p><b>W nag\u0142ych wypadkach:\u00a0+49 (0) 172 231 34 89<\/b><\/p>\n<p>&nbsp;<\/p>\n<p><span style=\"color: #80a0d3;\"><b>Anreise<\/b><\/span><br \/>\n<iframe style=\"border: 0;\" src=\"https:\/\/www.google.com\/maps\/embed?pb=!1m18!1m12!1m3!1d2486.3915737680377!2d7.029951200000001!3d51.450966699999995!2m3!1f0!2f0!3f0!3m2!1i1024!2i768!4f13.1!3m3!1m2!1s0x47b8dd37cef72c27%3A0x1da4ec33a0fb1d99!2zS3VyZsO8cnN0ZW5zdHJhw59lIDE!5e0!3m2!1sde!2sde!4v1399730817114\" width=\"400\" height=\"300\" frameborder=\"0\"><\/iframe><\/p>\n","protected":false},"excerpt":{"rendered":"<p>Anwaltskanzlei Zeitler Fachanwalt f\u00fcr Strafrecht Kurf\u00fcrstenstra\u00dfe 1 45138 Essen Telefon: +49 (201) 28 11 00 Fax: +49 (201) 89 00 17 Mobil: + 49 (0) 172 231 34 89 E-mail: info@essen-strafverteidiger.de Internet: https:\/\/www.essen-strafverteidiger.de W nag\u0142ych wypadkach:\u00a0+49 (0) 172 231 34 89 &nbsp; Anreise<\/p>\n","protected":false},"author":1,"featured_media":0,"parent":0,"menu_order":0,"comment_status":"open","ping_status":"open","template":"","meta":[],"categories":[],"tags":[],"yoast_head":"\n<meta name=\"description\" content=\"Przest\u0119pstw zab\u00f3jstwa, prawa medycznego, \u015brodk\u00f3w odurzaj\u0105cych, oszustwa, podatkowych sprawach, przest\u0119pstw seksualnych, przest\u0119pczo\u015bci zorganizowanej\" \/>\n<meta name=\"robots\" content=\"index, follow, max-snippet:-1, max-image-preview:large, max-video-preview:-1\" \/>\n<link rel=\"canonical\" href=\"https:\/\/www.essen-strafverteidiger.de\/pl\/kontakt\/\" \/>\n<meta property=\"og:locale\" content=\"de_DE\" \/>\n<meta property=\"og:type\" content=\"article\" \/>\n<meta property=\"og:title\" content=\"Kontakt - Adwokat Zeitler\" \/>\n<meta property=\"og:description\" content=\"Przest\u0119pstw zab\u00f3jstwa, prawa medycznego, \u015brodk\u00f3w odurzaj\u0105cych, oszustwa, podatkowych sprawach, przest\u0119pstw seksualnych, przest\u0119pczo\u015bci zorganizowanej\" \/>\n<meta property=\"og:url\" content=\"https:\/\/www.essen-strafverteidiger.de\/pl\/kontakt\/\" \/>\n<meta property=\"og:site_name\" content=\"Adwokat Zeitler\" \/>\n<meta property=\"article:modified_time\" content=\"2026-04-17T16:31:05+00:00\" \/>\n<script type=\"application\/ld+json\" class=\"yoast-schema-graph\">{\"@context\":\"https:\/\/schema.org\",\"@graph\":[{\"@type\":\"WebSite\",\"@id\":\"https:\/\/www.essen-strafverteidiger.de\/pl\/#website\",\"url\":\"https:\/\/www.essen-strafverteidiger.de\/pl\/\",\"name\":\"Adwokat Zeitler\",\"description\":\"Ihre Kanzlei f\\u00fcr Strafrecht\",\"potentialAction\":[{\"@type\":\"SearchAction\",\"target\":\"https:\/\/www.essen-strafverteidiger.de\/pl\/?s={search_term_string}\",\"query-input\":\"required name=search_term_string\"}],\"inLanguage\":\"de\"},{\"@type\":\"WebPage\",\"@id\":\"https:\/\/www.essen-strafverteidiger.de\/pl\/kontakt\/#webpage\",\"url\":\"https:\/\/www.essen-strafverteidiger.de\/pl\/kontakt\/\",\"name\":\"Kontakt - Adwokat Zeitler\",\"isPartOf\":{\"@id\":\"https:\/\/www.essen-strafverteidiger.de\/pl\/#website\"},\"datePublished\":\"2014-07-17T12:55:27+00:00\",\"dateModified\":\"2026-04-17T16:31:05+00:00\",\"description\":\"Przest\\u0119pstw zab\\u00f3jstwa, prawa medycznego, \\u015brodk\\u00f3w odurzaj\\u0105cych, oszustwa, podatkowych sprawach, przest\\u0119pstw seksualnych, przest\\u0119pczo\\u015bci zorganizowanej\",\"breadcrumb\":{\"@id\":\"https:\/\/www.essen-strafverteidiger.de\/pl\/kontakt\/#breadcrumb\"},\"inLanguage\":\"de\",\"potentialAction\":[{\"@type\":\"ReadAction\",\"target\":[\"https:\/\/www.essen-strafverteidiger.de\/pl\/kontakt\/\"]}]},{\"@type\":\"BreadcrumbList\",\"@id\":\"https:\/\/www.essen-strafverteidiger.de\/pl\/kontakt\/#breadcrumb\",\"itemListElement\":[{\"@type\":\"ListItem\",\"position\":1,\"item\":{\"@type\":\"WebPage\",\"@id\":\"https:\/\/www.essen-strafverteidiger.de\/pl\/kontakt\/\",\"url\":\"https:\/\/www.essen-strafverteidiger.de\/pl\/kontakt\/\",\"name\":\"Kontakt\"}}]}]}<\/script>\n","_links":{"self":[{"href":"https:\/\/www.essen-strafverteidiger.de\/pl\/wp-json\/wp\/v2\/pages\/9"}],"collection":[{"href":"https:\/\/www.essen-strafverteidiger.de\/pl\/wp-json\/wp\/v2\/pages"}],"about":[{"href":"https:\/\/www.essen-strafverteidiger.de\/pl\/wp-json\/wp\/v2\/types\/page"}],"author":[{"embeddable":true,"href":"https:\/\/www.essen-strafverteidiger.de\/pl\/wp-json\/wp\/v2\/users\/1"}],"replies":[{"embeddable":true,"href":"https:\/\/www.essen-strafverteidiger.de\/pl\/wp-json\/wp\/v2\/comments?post=9"}],"version-history":[{"count":2,"href":"https:\/\/www.essen-strafverteidiger.de\/pl\/wp-json\/wp\/v2\/pages\/9\/revisions"}],"predecessor-version":[{"id":72,"href":"https:\/\/www.essen-strafverteidiger.de\/pl\/wp-json\/wp\/v2\/pages\/9\/revisions\/72"}],"wp:attachment":[{"href":"https:\/\/www.essen-strafverteidiger.de\/pl\/wp-json\/wp\/v2\/media?parent=9"}],"wp:term":[{"taxonomy":"category","embeddable":true,"href":"https:\/\/www.essen-strafverteidiger.de\/pl\/wp-json\/wp\/v2\/categories?post=9"},{"taxonomy":"post_tag","embeddable":true,"href":"https:\/\/www.essen-strafverteidiger.de\/pl\/wp-json\/wp\/v2\/tags?post=9"}],"curies":[{"name":"wp","href":"https:\/\/api.w.org\/{rel}","templated":true}]}}